{"id":6,"date":"2010-02-02T09:07:49","date_gmt":"2010-02-02T09:07:49","guid":{"rendered":"http:\/\/www.lapallanterie.ch\/wordpressfr\/?page_id=6"},"modified":"2025-06-02T11:34:51","modified_gmt":"2025-06-02T09:34:51","slug":"le-manege-historique","status":"publish","type":"page","link":"http:\/\/www.lapallanterie.ch\/?page_id=6","title":{"rendered":"Le Man\u00e8ge"},"content":{"rendered":"<p>&nbsp;<\/p>\n<h3>Historique du man\u00e8ge de la Pallanterie<\/h3>\n<p>Avant la premi\u00e8re guerre mondiale, le Man\u00e8ge de Gen\u00e8ve se situait au centre de la Vieille Ville, au Bourg-de-Four. Il servait comme relais de poste au Moyen-Age et de Man\u00e8ge officiel de la R\u00e9publique et du Canton de Gen\u00e8ve par la suite.<\/p>\n<p><strong>1920<\/strong><br \/>\nD\u00e9m\u00e9nagement du Man\u00e8ge au chemin de Grange-Falquet, \u00e0 Ch\u00eane-Bougeries et cr\u00e9ation de deux soci\u00e9t\u00e9s :<br \/>\n&#8211; une soci\u00e9t\u00e9 immobili\u00e8re comme propri\u00e9taire<br \/>\n&#8211; une soci\u00e9t\u00e9 anonyme pour l\u2019exploitation<\/p>\n<p>Au fil des ann\u00e9es, l\u2019exploitation \u00e9tant difficile \u00e0 g\u00e9rer, certaines parcelles sont vendues apr\u00e8s la guerre.<\/p>\n<p><strong>1964<\/strong><br \/>\nLa famille Jaquerod a repris l\u2019exploitation. L\u2019\u00e9conomie est en pleine expansion. Tout-Gen\u00e8ve se rend au Man\u00e8ge pour apprendre l\u2019\u00e9quitation classique. Le Man\u00e8ge de Gen\u00e8ve marche tr\u00e8s bien.<\/p>\n<p><strong>1973<\/strong><br \/>\nL\u2019Etat rach\u00e8te les parcelles restantes et cr\u00e9ation de la Soci\u00e9t\u00e9 Coop\u00e9rative du Nouveau Man\u00e8ge de Gen\u00e8ve qui a construit le Man\u00e8ge actuel \u00e0 la Pallanterie. Le d\u00e9m\u00e9nagement se fait en d\u00e9cembre 1976. A cette date, Reynald Jaquerod reprend la direction apr\u00e8s son p\u00e8re. En 1996, une augmentation d\u2019hypoth\u00e8que et une sous-capitalisation am\u00e8nent la nouvelle soci\u00e9t\u00e9 coop\u00e9rative du Man\u00e8ge \u00e0 se d\u00e9clarer en faillite.<\/p>\n<p><strong>1997<\/strong><br \/>\nMonsieur Thomas Kessler reprend le Man\u00e8ge en 1997.<\/p>\n<p><strong>1997\/98<\/strong><br \/>\n&#8211; r\u00e9novation de toutes les installations<br \/>\n&#8211; construction de paddocks ext\u00e9rieurs<br \/>\n&#8211; construction d\u2019une piste de galop de 350m et du paddock de saut en sable<br \/>\n&#8211; r\u00e9novation du restaurant et cuisine<br \/>\n&#8211; arrosage automatique des paddocks<br \/>\n<strong><br \/>\n2001\/02<\/strong><br \/>\n&#8211; construction de 6 boxes ext\u00e9rieurs<br \/>\n&#8211; am\u00e9nagement d\u2019une douche pour chevaux<br \/>\n&#8211; construction du marcheur<br \/>\n&#8211; am\u00e9nagement de 60 armoires sur la galerie \u2013 en location<br \/>\n&#8211; am\u00e9nagement de 100 armoires dans les \u00e9curies \u2013 en location<br \/>\n&#8211; cr\u00e9ation d\u2019un local de mat\u00e9riel<br \/>\n&#8211; nouvelle sonorisation<\/p>\n<p><strong>2003<\/strong><br \/>\n&#8211; cr\u00e9ation d\u2019un Spring-Garten avec un gu\u00e9 et des obstacles naturels<br \/>\n&#8211; am\u00e9nagement de la nouvelle terrasse de 300m2 avec tentes automatiques<\/p>\n<p><strong>2005<\/strong><br \/>\nAm\u00e9nagement de 3 nouveaux box ext\u00e9rieurs<\/p>\n<p><strong>2006<\/strong><br \/>\nNouveau sable Toubin-Cl\u00e9ment dans le Man\u00e8ge<br \/>\nR\u00e9am\u00e9nagement du parking des camions\/voitures, c\u00f4t\u00e9 arri\u00e8re du man\u00e8ge.<\/p>\n<p><strong>2007, novembre<\/strong><br \/>\nLa man\u00e8ge est repris par Yves et Antoinette Aellen<\/p>\n<p><strong>2008<\/strong><br \/>\nTravaux d&rsquo;entretien divers. Nouveau sable Toubin et Cl\u00e9ment dans le man\u00e8ge et dans les carri\u00e8res ext\u00e9rieures.<\/p>\n<p><strong>2009<\/strong><br \/>\nInstallation d&rsquo;une nouvelle sonorisation \u00e0 l&rsquo;int\u00e9rieur du man\u00e8ge et pour les carri\u00e8res ext\u00e9rieures.<br \/>\nAvant la premi\u00e8re guerre mondiale, le Man\u00e8ge de Gen\u00e8ve se situait au centre de la Vieille Ville, au Bourg-de-Four. Il servait comme relais de poste au Moyen-Age et de Man\u00e8ge officiel de la R\u00e9publique et du Canton de Gen\u00e8ve par la suite.<\/p>\n","protected":false},"excerpt":{"rendered":"<p>&nbsp; Historique du man\u00e8ge de la Pallanterie Avant la premi\u00e8re guerre mondiale, le Man\u00e8ge de Gen\u00e8ve se situait au centre de la Vieille Ville, au Bourg-de-Four. Il servait comme relais de poste au Moyen-Age et de Man\u00e8ge officiel de la R\u00e9publique et du Canton de Gen\u00e8ve par la suite. 1920 D\u00e9m\u00e9nagement du Man\u00e8ge au chemin &hellip; <a href=\"http:\/\/www.lapallanterie.ch\/?page_id=6\" class=\"more-link\">Continuer la lecture de <span class=\"screen-reader-text\">Le Man\u00e8ge<\/span>  <span class=\"meta-nav\">&rarr;<\/span><\/a><\/p>\n","protected":false},"author":1,"featured_media":0,"parent":0,"menu_order":2,"comment_status":"closed","ping_status":"closed","template":"","meta":{"ngg_post_thumbnail":0,"jetpack_post_was_ever_published":false,"footnotes":""},"class_list":["post-6","page","type-page","status-publish","hentry"],"jetpack_sharing_enabled":true,"jetpack_shortlink":"https:\/\/wp.me\/P5jCZw-6","_links":{"self":[{"href":"http:\/\/www.lapallanterie.ch\/index.php?rest_route=\/wp\/v2\/pages\/6","targetHints":{"allow":["GET"]}}],"collection":[{"href":"http:\/\/www.lapallanterie.ch\/index.php?rest_route=\/wp\/v2\/pages"}],"about":[{"href":"http:\/\/www.lapallanterie.ch\/index.php?rest_route=\/wp\/v2\/types\/page"}],"author":[{"embeddable":true,"href":"http:\/\/www.lapallanterie.ch\/index.php?rest_route=\/wp\/v2\/users\/1"}],"replies":[{"embeddable":true,"href":"http:\/\/www.lapallanterie.ch\/index.php?rest_route=%2Fwp%2Fv2%2Fcomments&post=6"}],"version-history":[{"count":26,"href":"http:\/\/www.lapallanterie.ch\/index.php?rest_route=\/wp\/v2\/pages\/6\/revisions"}],"predecessor-version":[{"id":256,"href":"http:\/\/www.lapallanterie.ch\/index.php?rest_route=\/wp\/v2\/pages\/6\/revisions\/256"}],"wp:attachment":[{"href":"http:\/\/www.lapallanterie.ch\/index.php?rest_route=%2Fwp%2Fv2%2Fmedia&parent=6"}],"curies":[{"name":"wp","href":"https:\/\/api.w.org\/{rel}","templated":true}]}}